{"id":492,"date":"2022-06-01T10:56:59","date_gmt":"2022-06-01T10:56:59","guid":{"rendered":"https:\/\/bizbergthemes.com\/epic-business-event\/?page_id=492"},"modified":"2026-04-11T18:09:34","modified_gmt":"2026-04-11T21:09:34","slug":"programacao","status":"publish","type":"page","link":"https:\/\/andorinhacultural.com.br\/index.php\/programacao\/","title":{"rendered":"Programa\u00e7\u00e3o 2026"},"content":{"rendered":"<p><strong>18 e 19 de abril (s\u00e1bado e domingo) &#8211; Edi\u00e7\u00e3o 01<\/strong><\/p>\n<p>\ud83d\udcc5 <strong>18 de abril (s\u00e1bado) | 9h \u00e0s 18h<\/strong><br \/>\n08h &#8211; Caminhada Mude 1 H\u00e1bito saindo do trevo de Ouro Preto para o Parque das Andorinhas<br \/>\n10h \u00e0s 17h \u2013 Feira de artesanato e gastronomia<br \/>\n11h \u2013 Teatro das Andorinhas: \u201cJagy Nak \u2013 Sabedoria da Terra\u201d\u00a0\u00a0(Em homenagem ao Dia dos Povos Ind\u00edgenas)<br \/>\n12h \u2013 Choro das Andorinhas: Chorando em Versos convida Erika Curtiss<br \/>\n15h \u2013 M\u00fasica Regional: Laura Catarina canta Vander Lee<\/p>\n<p>\ud83d\udcc5 <strong>19 de abril (domingo) | 9h \u00e0s 15h<\/strong><br \/>\n09h \u00e0s 14h \u2013 Feira de artesanato e gastronomia<br \/>\n09h00 \u2013 Coral das Andorinhas: Coral Vozes de Vila Rica<br \/>\n09 \u00e0s 12h \u2013 Reiki, Auriculoterapia e Massagem (Programa \u00cdris UFOP)<br \/>\n09h15 &#8211; Caminhada da trilha do ba\u00fa at\u00e9 a sede do parque<br \/>\n09h30 \u2013 Shivam Yoga (Programa \u00cdris UFOP)<br \/>\n10h00 \u2013 Aula de defesa pessoal &#8211; Mulheres de Luta (Inconfidentes Guardians)<br \/>\n11h00 \u2013 Tai Chi Chuan (Programa \u00cdris UFOP)<br \/>\n11h00 \u2013 Roda de Conversa com Danilo Borum Kren \u00a0(Em homenagem ao Dia dos Povos Ind\u00edgenas)<br \/>\n12h00 \u2013 M\u00fasica instrumental: Sons de Cura<\/p>\n<p><strong>16 e 17 de maio &#8211; Edi\u00e7\u00e3o 02 &#8211; Abertura Temporada de Montanha<\/strong><\/p>\n<p>Em breve<\/p>\n<p><strong>13 e 14 de junho &#8211; Edi\u00e7\u00e3o 03 &#8211; Semana do Meio Ambiente<\/strong><\/p>\n<p>Em breve<\/p>\n<p><strong>04 e 05 de julho &#8211; Edi\u00e7\u00e3o 04 &#8211; Festival Esquece o Pace<\/strong><\/p>\n<p>Em breve<\/p>\n","protected":false},"excerpt":{"rendered":"<p>18 e 19 de abril (s\u00e1bado e domingo) &#8211; Edi\u00e7\u00e3o 01 \ud83d\udcc5 18 de abril (s\u00e1bado) | 9h \u00e0s 18h 08h &#8211; Caminhada Mude 1 H\u00e1bito saindo do trevo de&#8230;<\/p>\n","protected":false},"author":1,"featured_media":641,"parent":0,"menu_order":0,"comment_status":"closed","ping_status":"closed","template":"","meta":{"footnotes":""},"yoast_head":"<!-- This site is optimized with the Yoast SEO plugin v23.0 - https:\/\/yoast.com\/wordpress\/plugins\/seo\/ -->\n<title>Programa\u00e7\u00e3o 2026 - Arte e Cultura no Parque das Andorinhas<\/title>\n<meta name=\"description\" content=\"Confira a programa\u00e7\u00e3o do projeto Arte e Cultura no Parque das Andorinhas que ser\u00e1 realizado no dia 9 de dezembro de 2023\" \/>\n<meta name=\"robots\" content=\"index, follow, max-snippet:-1, max-image-preview:large, max-video-preview:-1\" \/>\n<link rel=\"canonical\" href=\"https:\/\/andorinhacultural.com.br\/index.php\/programacao\/\" \/>\n<meta property=\"og:locale\" content=\"pt_BR\" \/>\n<meta property=\"og:type\" content=\"article\" \/>\n<meta property=\"og:title\" content=\"Programa\u00e7\u00e3o 2026 - Arte e Cultura no Parque das Andorinhas\" \/>\n<meta property=\"og:description\" content=\"Confira a programa\u00e7\u00e3o do projeto Arte e Cultura no Parque das Andorinhas que ser\u00e1 realizado no dia 9 de dezembro de 2023\" \/>\n<meta property=\"og:url\" content=\"https:\/\/andorinhacultural.com.br\/index.php\/programacao\/\" \/>\n<meta property=\"og:site_name\" content=\"Arte e Cultura no Parque das Andorinhas\" \/>\n<meta property=\"article:modified_time\" content=\"2026-04-11T21:09:34+00:00\" \/>\n<meta property=\"og:image\" content=\"http:\/\/andorinhacultural.com.br\/wp-content\/uploads\/2026\/02\/Logo-horizontal-Arte-Parque-das-Andorinhas-2026.png\" \/>\n\t<meta property=\"og:image:width\" content=\"1166\" \/>\n\t<meta property=\"og:image:height\" content=\"233\" \/>\n\t<meta property=\"og:image:type\" content=\"image\/png\" \/>\n<meta name=\"twitter:card\" content=\"summary_large_image\" \/>\n<meta name=\"twitter:label1\" content=\"Est. tempo de leitura\" \/>\n\t<meta name=\"twitter:data1\" content=\"2 minutos\" \/>\n<script type=\"application\/ld+json\" class=\"yoast-schema-graph\">{\"@context\":\"https:\/\/schema.org\",\"@graph\":[{\"@type\":\"WebPage\",\"@id\":\"https:\/\/andorinhacultural.com.br\/index.php\/programacao\/\",\"url\":\"https:\/\/andorinhacultural.com.br\/index.php\/programacao\/\",\"name\":\"Programa\u00e7\u00e3o 2026 - Arte e Cultura no Parque das Andorinhas\",\"isPartOf\":{\"@id\":\"https:\/\/andorinhacultural.com.br\/#website\"},\"primaryImageOfPage\":{\"@id\":\"https:\/\/andorinhacultural.com.br\/index.php\/programacao\/#primaryimage\"},\"image\":{\"@id\":\"https:\/\/andorinhacultural.com.br\/index.php\/programacao\/#primaryimage\"},\"thumbnailUrl\":\"https:\/\/andorinhacultural.com.br\/wp-content\/uploads\/2026\/02\/Logo-horizontal-Arte-Parque-das-Andorinhas-2026.png\",\"datePublished\":\"2022-06-01T10:56:59+00:00\",\"dateModified\":\"2026-04-11T21:09:34+00:00\",\"description\":\"Confira a programa\u00e7\u00e3o do projeto Arte e Cultura no Parque das Andorinhas que ser\u00e1 realizado no dia 9 de dezembro de 2023\",\"breadcrumb\":{\"@id\":\"https:\/\/andorinhacultural.com.br\/index.php\/programacao\/#breadcrumb\"},\"inLanguage\":\"pt-BR\",\"potentialAction\":[{\"@type\":\"ReadAction\",\"target\":[\"https:\/\/andorinhacultural.com.br\/index.php\/programacao\/\"]}]},{\"@type\":\"ImageObject\",\"inLanguage\":\"pt-BR\",\"@id\":\"https:\/\/andorinhacultural.com.br\/index.php\/programacao\/#primaryimage\",\"url\":\"https:\/\/andorinhacultural.com.br\/wp-content\/uploads\/2026\/02\/Logo-horizontal-Arte-Parque-das-Andorinhas-2026.png\",\"contentUrl\":\"https:\/\/andorinhacultural.com.br\/wp-content\/uploads\/2026\/02\/Logo-horizontal-Arte-Parque-das-Andorinhas-2026.png\",\"width\":1166,\"height\":233,\"caption\":\"Arte e Cultura no Parque das Andorinhas\"},{\"@type\":\"BreadcrumbList\",\"@id\":\"https:\/\/andorinhacultural.com.br\/index.php\/programacao\/#breadcrumb\",\"itemListElement\":[{\"@type\":\"ListItem\",\"position\":1,\"name\":\"Home\",\"item\":\"https:\/\/andorinhacultural.com.br\/\"},{\"@type\":\"ListItem\",\"position\":2,\"name\":\"Programa\u00e7\u00e3o 2026\"}]},{\"@type\":\"WebSite\",\"@id\":\"https:\/\/andorinhacultural.com.br\/#website\",\"url\":\"https:\/\/andorinhacultural.com.br\/\",\"name\":\"Arte e Cultura no Parque das Andorinhas\",\"description\":\"\",\"publisher\":{\"@id\":\"https:\/\/andorinhacultural.com.br\/#organization\"},\"potentialAction\":[{\"@type\":\"SearchAction\",\"target\":{\"@type\":\"EntryPoint\",\"urlTemplate\":\"https:\/\/andorinhacultural.com.br\/?s={search_term_string}\"},\"query-input\":\"required name=search_term_string\"}],\"inLanguage\":\"pt-BR\"},{\"@type\":\"Organization\",\"@id\":\"https:\/\/andorinhacultural.com.br\/#organization\",\"name\":\"Arte e Cultura no Parque das Andorinhas\",\"url\":\"https:\/\/andorinhacultural.com.br\/\",\"logo\":{\"@type\":\"ImageObject\",\"inLanguage\":\"pt-BR\",\"@id\":\"https:\/\/andorinhacultural.com.br\/#\/schema\/logo\/image\/\",\"url\":\"https:\/\/andorinhacultural.com.br\/wp-content\/uploads\/2026\/02\/cropped-logo_parque_andorinhas-300x180-1.png\",\"contentUrl\":\"https:\/\/andorinhacultural.com.br\/wp-content\/uploads\/2026\/02\/cropped-logo_parque_andorinhas-300x180-1.png\",\"width\":300,\"height\":180,\"caption\":\"Arte e Cultura no Parque das Andorinhas\"},\"image\":{\"@id\":\"https:\/\/andorinhacultural.com.br\/#\/schema\/logo\/image\/\"}}]}<\/script>\n<!-- \/ Yoast SEO plugin. -->","yoast_head_json":{"title":"Programa\u00e7\u00e3o 2026 - Arte e Cultura no Parque das Andorinhas","description":"Confira a programa\u00e7\u00e3o do projeto Arte e Cultura no Parque das Andorinhas que ser\u00e1 realizado no dia 9 de dezembro de 2023","robots":{"index":"index","follow":"follow","max-snippet":"max-snippet:-1","max-image-preview":"max-image-preview:large","max-video-preview":"max-video-preview:-1"},"canonical":"https:\/\/andorinhacultural.com.br\/index.php\/programacao\/","og_locale":"pt_BR","og_type":"article","og_title":"Programa\u00e7\u00e3o 2026 - Arte e Cultura no Parque das Andorinhas","og_description":"Confira a programa\u00e7\u00e3o do projeto Arte e Cultura no Parque das Andorinhas que ser\u00e1 realizado no dia 9 de dezembro de 2023","og_url":"https:\/\/andorinhacultural.com.br\/index.php\/programacao\/","og_site_name":"Arte e Cultura no Parque das Andorinhas","article_modified_time":"2026-04-11T21:09:34+00:00","og_image":[{"width":1166,"height":233,"url":"http:\/\/andorinhacultural.com.br\/wp-content\/uploads\/2026\/02\/Logo-horizontal-Arte-Parque-das-Andorinhas-2026.png","type":"image\/png"}],"twitter_card":"summary_large_image","twitter_misc":{"Est. tempo de leitura":"2 minutos"},"schema":{"@context":"https:\/\/schema.org","@graph":[{"@type":"WebPage","@id":"https:\/\/andorinhacultural.com.br\/index.php\/programacao\/","url":"https:\/\/andorinhacultural.com.br\/index.php\/programacao\/","name":"Programa\u00e7\u00e3o 2026 - Arte e Cultura no Parque das Andorinhas","isPartOf":{"@id":"https:\/\/andorinhacultural.com.br\/#website"},"primaryImageOfPage":{"@id":"https:\/\/andorinhacultural.com.br\/index.php\/programacao\/#primaryimage"},"image":{"@id":"https:\/\/andorinhacultural.com.br\/index.php\/programacao\/#primaryimage"},"thumbnailUrl":"https:\/\/andorinhacultural.com.br\/wp-content\/uploads\/2026\/02\/Logo-horizontal-Arte-Parque-das-Andorinhas-2026.png","datePublished":"2022-06-01T10:56:59+00:00","dateModified":"2026-04-11T21:09:34+00:00","description":"Confira a programa\u00e7\u00e3o do projeto Arte e Cultura no Parque das Andorinhas que ser\u00e1 realizado no dia 9 de dezembro de 2023","breadcrumb":{"@id":"https:\/\/andorinhacultural.com.br\/index.php\/programacao\/#breadcrumb"},"inLanguage":"pt-BR","potentialAction":[{"@type":"ReadAction","target":["https:\/\/andorinhacultural.com.br\/index.php\/programacao\/"]}]},{"@type":"ImageObject","inLanguage":"pt-BR","@id":"https:\/\/andorinhacultural.com.br\/index.php\/programacao\/#primaryimage","url":"https:\/\/andorinhacultural.com.br\/wp-content\/uploads\/2026\/02\/Logo-horizontal-Arte-Parque-das-Andorinhas-2026.png","contentUrl":"https:\/\/andorinhacultural.com.br\/wp-content\/uploads\/2026\/02\/Logo-horizontal-Arte-Parque-das-Andorinhas-2026.png","width":1166,"height":233,"caption":"Arte e Cultura no Parque das Andorinhas"},{"@type":"BreadcrumbList","@id":"https:\/\/andorinhacultural.com.br\/index.php\/programacao\/#breadcrumb","itemListElement":[{"@type":"ListItem","position":1,"name":"Home","item":"https:\/\/andorinhacultural.com.br\/"},{"@type":"ListItem","position":2,"name":"Programa\u00e7\u00e3o 2026"}]},{"@type":"WebSite","@id":"https:\/\/andorinhacultural.com.br\/#website","url":"https:\/\/andorinhacultural.com.br\/","name":"Arte e Cultura no Parque das Andorinhas","description":"","publisher":{"@id":"https:\/\/andorinhacultural.com.br\/#organization"},"potentialAction":[{"@type":"SearchAction","target":{"@type":"EntryPoint","urlTemplate":"https:\/\/andorinhacultural.com.br\/?s={search_term_string}"},"query-input":"required name=search_term_string"}],"inLanguage":"pt-BR"},{"@type":"Organization","@id":"https:\/\/andorinhacultural.com.br\/#organization","name":"Arte e Cultura no Parque das Andorinhas","url":"https:\/\/andorinhacultural.com.br\/","logo":{"@type":"ImageObject","inLanguage":"pt-BR","@id":"https:\/\/andorinhacultural.com.br\/#\/schema\/logo\/image\/","url":"https:\/\/andorinhacultural.com.br\/wp-content\/uploads\/2026\/02\/cropped-logo_parque_andorinhas-300x180-1.png","contentUrl":"https:\/\/andorinhacultural.com.br\/wp-content\/uploads\/2026\/02\/cropped-logo_parque_andorinhas-300x180-1.png","width":300,"height":180,"caption":"Arte e Cultura no Parque das Andorinhas"},"image":{"@id":"https:\/\/andorinhacultural.com.br\/#\/schema\/logo\/image\/"}}]}},"_links":{"self":[{"href":"https:\/\/andorinhacultural.com.br\/index.php\/wp-json\/wp\/v2\/pages\/492"}],"collection":[{"href":"https:\/\/andorinhacultural.com.br\/index.php\/wp-json\/wp\/v2\/pages"}],"about":[{"href":"https:\/\/andorinhacultural.com.br\/index.php\/wp-json\/wp\/v2\/types\/page"}],"author":[{"embeddable":true,"href":"https:\/\/andorinhacultural.com.br\/index.php\/wp-json\/wp\/v2\/users\/1"}],"replies":[{"embeddable":true,"href":"https:\/\/andorinhacultural.com.br\/index.php\/wp-json\/wp\/v2\/comments?post=492"}],"version-history":[{"count":8,"href":"https:\/\/andorinhacultural.com.br\/index.php\/wp-json\/wp\/v2\/pages\/492\/revisions"}],"predecessor-version":[{"id":674,"href":"https:\/\/andorinhacultural.com.br\/index.php\/wp-json\/wp\/v2\/pages\/492\/revisions\/674"}],"wp:featuredmedia":[{"embeddable":true,"href":"https:\/\/andorinhacultural.com.br\/index.php\/wp-json\/wp\/v2\/media\/641"}],"wp:attachment":[{"href":"https:\/\/andorinhacultural.com.br\/index.php\/wp-json\/wp\/v2\/media?parent=492"}],"curies":[{"name":"wp","href":"https:\/\/api.w.org\/{rel}","templated":true}]}}