{"id":490,"date":"2022-06-01T10:56:23","date_gmt":"2022-06-01T10:56:23","guid":{"rendered":"https:\/\/bizbergthemes.com\/epic-business-event\/?page_id=490"},"modified":"2026-02-11T17:13:40","modified_gmt":"2026-02-11T20:13:40","slug":"sobre","status":"publish","type":"page","link":"https:\/\/andorinhacultural.com.br\/index.php\/sobre\/","title":{"rendered":"Sobre o evento"},"content":{"rendered":"<p><span style=\"font-weight: 400;\">O Parque Natural Municipal das Andorinhas (PNMA) ser\u00e1 palco de muito esporte e divers\u00e3o para o p\u00fablico em 2026. <span class=\"a_GcMg font-feature-liga-off font-feature-clig-off font-feature-calt-off text-decoration-none text-strikethrough-none\">A terceira edi\u00e7\u00e3o do projeto &#8220;Arte e Cultura no Parque das Andorinhas&#8221; prop\u00f5e a realiza\u00e7\u00e3o de uma programa\u00e7\u00e3o cultural diversificada e gratuita em Ouro Preto (MG), no Parque Natural Municipal das Andorinhas, importante unidade de conserva\u00e7\u00e3o e nascente do Rio das Velhas. A iniciativa busca integrar cultura, meio ambiente e inclus\u00e3o social, por meio de apresenta\u00e7\u00f5es musicais (chorinho, m\u00fasica instrumental e canto coral), espet\u00e1culos teatrais e feira de gastronomia e artesanato<\/span>. A entrada para acompanhar o evento e todas as atividades \u00e9 gratuita.<\/span><\/p>\n<p><span style=\"font-weight: 400;\">De acordo com Gilson Antunes, coordenador do evento e diretor da Holofote Cultural, ser\u00e1 um momento de alegria e contempla\u00e7\u00e3o da natureza. &#8220;Teremos shows de chorinho, m\u00fasica instrumental, corais e muito esporte que ser\u00e1 realizado nas trilhas do Parque das Andorinhas. Muitas pessoas, desde turistas e at\u00e9 mesmo moradores, n\u00e3o conhecem o parque, que fica a poucos quil\u00f4metros do centro hist\u00f3rico. A import\u00e2ncia do Turismo ecol\u00f3gico vai al\u00e9m da prote\u00e7\u00e3o da natureza, pois proporciona uma forte conex\u00e3o entre a fauna, a flora e o turista&#8221;, explica. <\/span><span class=\"a_GcMg font-feature-liga-off font-feature-clig-off font-feature-calt-off text-decoration-none text-strikethrough-none\">A primeira edi\u00e7\u00e3o do evento foi realizada em 2023 com patroc\u00ednio da Samarco Minera\u00e7\u00e3o e a segunda edi\u00e7\u00e3o em 2024 com patroc\u00ednio da Minera\u00e7\u00e3o Herculano.\u00a0<\/span><\/p>\n<p><span style=\"font-weight: 400;\">\u201cO projeto Esporte e Cultura no Parque das Andorinhas vem celebrar essa importante unidade de conserva\u00e7\u00e3o, a mais visitada da regi\u00e3o dos Inconfidentes, qui\u00e7\u00e1 do campo das vertentes\u201d, afirma Chiquinho de Assis, secret\u00e1rio de Meio Ambiente, que explica que a\u00e7\u00f5es como essa mostram as muitas possibilidades de uso do parque respeitando o plano de manejo. \u201cConvidamos os moradores, turistas e visitantes para usufru\u00edrem das belezas naturais com esse tempero e esse charme cultural. Venham, curtam e nos ajude a preservar esse templo das \u00e1guas\u201d, ressalta Chiquinho.<\/span><\/p>\n<p><span style=\"font-weight: 400;\">O \u201cArte e Cultura no Parque das Andorinhas\u201d \u00e9 uma realiza\u00e7\u00e3o da Prefeitura de Ouro Preto e Funda\u00e7\u00e3o Gorceix, com patroc\u00ednio master da Vale e gest\u00e3o da Holofote.<\/span><\/p>\n<h2>Sobre o Parque Natural Municipal das Andorinhas<\/h2>\n<p>O Parque Natural Municipal da Cachoeira das Andorinhas foi criado em 1968 e abrangia uma \u00e1rea de um quil\u00f4metro de raio tendo como ponto central a pr\u00f3pria cachoeira das Andorinhas. Em 2005, a C\u00e2mara Municipal de Ouro Preto aprovou o projeto de Lei 69\u204405 estabelecendo novos limites para a Unidade de Conserva\u00e7\u00e3o (UC), que tamb\u00e9m passou a ser denominada de Parque Natural Municipal das Andorinhas (PNMA). Atualmente o Parque abrange uma \u00e1rea total de 557 hectares, e tem, entre outros, o objetivo de resguardar e proteger a flora, a fauna e demais recursos naturais (Lei 69, art. 4\u00ba, 2005).<\/p>\n<p>Na \u00e1rea do Parque est\u00e3o localizadas diversas quedas de \u00e1gua, e dentre elas, a de maior destaque e que d\u00e1 nome ao Parque que \u00e9 a Cachoeira das Andorinhas. Segundo relato de moradores este nome deve-se ao fato da ocorr\u00eancia de uma grande quantidade de andorinhas que se deslocam para o vale encaixado da cachoeira na \u00e9poca de reprodu\u00e7\u00e3o, construindo assim seus ninhos nas fendas dos afloramentos rochosos presentes na paisagem da cachoeira.<\/p>\n<p>Essas quedas de \u00e1gua, conjunto de grande beleza c\u00eanica, s\u00e3o engrandecidas pela moldura da serra de Ouro Preto e do Veloso, com uma vista panor\u00e2mica da cabeceira do Rio das Velhas e o contato entre os biomas da mata atl\u00e2ntica e do cerrado, um belo exemplar do patrim\u00f4nio natural, hist\u00f3rico, cultural, paisag\u00edstico e tur\u00edstico.<\/p>\n<p>O entorno sul do Parque configura-se em uma regi\u00e3o urbanizada, sendo os bairros Morro S\u00e3o Crist\u00f3v\u00e3o, Morro S\u00e3o Sebasti\u00e3o, Morro da Queimada, Morro S\u00e3o Jo\u00e3o, Morro Santana, Ant\u00f4nio Dias, Piedade e Taquaral lim\u00edtrofes \u00e0 unidade. Entender a composi\u00e7\u00e3o social dos bairros e seus costumes permite um conhecimento maior sobre as manifesta\u00e7\u00f5es e tradi\u00e7\u00f5es que formam o patrim\u00f4nio do Parque Natural Municipal das Andorinhas.<\/p>\n<p>\u00c9 poss\u00edvel concluir que o processo hist\u00f3rico de ocupa\u00e7\u00e3o do entorno do Parque, assim como os aspectos ambientais presentes em sua \u00e1rea s\u00e3o de extrema relev\u00e2ncia estadual e federal, destacando a necessidade de uma gest\u00e3o e preserva\u00e7\u00e3o adequada e sob um processo cont\u00ednuo.<\/p>\n","protected":false},"excerpt":{"rendered":"<p>O Parque Natural Municipal das Andorinhas (PNMA) ser\u00e1 palco de muito esporte e divers\u00e3o para o p\u00fablico em 2026. A terceira edi\u00e7\u00e3o do projeto &#8220;Arte e Cultura no Parque das&#8230;<\/p>\n","protected":false},"author":1,"featured_media":641,"parent":0,"menu_order":0,"comment_status":"closed","ping_status":"closed","template":"","meta":{"footnotes":""},"yoast_head":"<!-- This site is optimized with the Yoast SEO plugin v23.0 - https:\/\/yoast.com\/wordpress\/plugins\/seo\/ -->\n<title>Sobre o evento - Arte e Cultura no Parque das Andorinhas<\/title>\n<meta name=\"description\" content=\"O projeto &quot;Arte e Cultura no Parque das Andorinhas&quot; consiste em atividades art\u00edsticas e \u00e1rea de lazer aos moradores de Ouro Preto\" \/>\n<meta name=\"robots\" content=\"index, follow, max-snippet:-1, max-image-preview:large, max-video-preview:-1\" \/>\n<link rel=\"canonical\" href=\"https:\/\/andorinhacultural.com.br\/index.php\/sobre\/\" \/>\n<meta property=\"og:locale\" content=\"pt_BR\" \/>\n<meta property=\"og:type\" content=\"article\" \/>\n<meta property=\"og:title\" content=\"Sobre o evento - Arte e Cultura no Parque das Andorinhas\" \/>\n<meta property=\"og:description\" content=\"O projeto &quot;Arte e Cultura no Parque das Andorinhas&quot; consiste em atividades art\u00edsticas e \u00e1rea de lazer aos moradores de Ouro Preto\" \/>\n<meta property=\"og:url\" content=\"https:\/\/andorinhacultural.com.br\/index.php\/sobre\/\" \/>\n<meta property=\"og:site_name\" content=\"Arte e Cultura no Parque das Andorinhas\" \/>\n<meta property=\"article:modified_time\" content=\"2026-02-11T20:13:40+00:00\" \/>\n<meta property=\"og:image\" content=\"http:\/\/andorinhacultural.com.br\/wp-content\/uploads\/2026\/02\/Logo-horizontal-Arte-Parque-das-Andorinhas-2026.png\" \/>\n\t<meta property=\"og:image:width\" content=\"1166\" \/>\n\t<meta property=\"og:image:height\" content=\"233\" \/>\n\t<meta property=\"og:image:type\" content=\"image\/png\" \/>\n<meta name=\"twitter:card\" content=\"summary_large_image\" \/>\n<meta name=\"twitter:label1\" content=\"Est. tempo de leitura\" \/>\n\t<meta name=\"twitter:data1\" content=\"4 minutos\" \/>\n<script type=\"application\/ld+json\" class=\"yoast-schema-graph\">{\"@context\":\"https:\/\/schema.org\",\"@graph\":[{\"@type\":\"WebPage\",\"@id\":\"https:\/\/andorinhacultural.com.br\/index.php\/sobre\/\",\"url\":\"https:\/\/andorinhacultural.com.br\/index.php\/sobre\/\",\"name\":\"Sobre o evento - Arte e Cultura no Parque das Andorinhas\",\"isPartOf\":{\"@id\":\"https:\/\/andorinhacultural.com.br\/#website\"},\"primaryImageOfPage\":{\"@id\":\"https:\/\/andorinhacultural.com.br\/index.php\/sobre\/#primaryimage\"},\"image\":{\"@id\":\"https:\/\/andorinhacultural.com.br\/index.php\/sobre\/#primaryimage\"},\"thumbnailUrl\":\"https:\/\/andorinhacultural.com.br\/wp-content\/uploads\/2026\/02\/Logo-horizontal-Arte-Parque-das-Andorinhas-2026.png\",\"datePublished\":\"2022-06-01T10:56:23+00:00\",\"dateModified\":\"2026-02-11T20:13:40+00:00\",\"description\":\"O projeto \\\"Arte e Cultura no Parque das Andorinhas\\\" consiste em atividades art\u00edsticas e \u00e1rea de lazer aos moradores de Ouro Preto\",\"breadcrumb\":{\"@id\":\"https:\/\/andorinhacultural.com.br\/index.php\/sobre\/#breadcrumb\"},\"inLanguage\":\"pt-BR\",\"potentialAction\":[{\"@type\":\"ReadAction\",\"target\":[\"https:\/\/andorinhacultural.com.br\/index.php\/sobre\/\"]}]},{\"@type\":\"ImageObject\",\"inLanguage\":\"pt-BR\",\"@id\":\"https:\/\/andorinhacultural.com.br\/index.php\/sobre\/#primaryimage\",\"url\":\"https:\/\/andorinhacultural.com.br\/wp-content\/uploads\/2026\/02\/Logo-horizontal-Arte-Parque-das-Andorinhas-2026.png\",\"contentUrl\":\"https:\/\/andorinhacultural.com.br\/wp-content\/uploads\/2026\/02\/Logo-horizontal-Arte-Parque-das-Andorinhas-2026.png\",\"width\":1166,\"height\":233,\"caption\":\"Arte e Cultura no Parque das Andorinhas\"},{\"@type\":\"BreadcrumbList\",\"@id\":\"https:\/\/andorinhacultural.com.br\/index.php\/sobre\/#breadcrumb\",\"itemListElement\":[{\"@type\":\"ListItem\",\"position\":1,\"name\":\"Home\",\"item\":\"https:\/\/andorinhacultural.com.br\/\"},{\"@type\":\"ListItem\",\"position\":2,\"name\":\"Sobre o evento\"}]},{\"@type\":\"WebSite\",\"@id\":\"https:\/\/andorinhacultural.com.br\/#website\",\"url\":\"https:\/\/andorinhacultural.com.br\/\",\"name\":\"Arte e Cultura no Parque das Andorinhas\",\"description\":\"\",\"publisher\":{\"@id\":\"https:\/\/andorinhacultural.com.br\/#organization\"},\"potentialAction\":[{\"@type\":\"SearchAction\",\"target\":{\"@type\":\"EntryPoint\",\"urlTemplate\":\"https:\/\/andorinhacultural.com.br\/?s={search_term_string}\"},\"query-input\":\"required name=search_term_string\"}],\"inLanguage\":\"pt-BR\"},{\"@type\":\"Organization\",\"@id\":\"https:\/\/andorinhacultural.com.br\/#organization\",\"name\":\"Arte e Cultura no Parque das Andorinhas\",\"url\":\"https:\/\/andorinhacultural.com.br\/\",\"logo\":{\"@type\":\"ImageObject\",\"inLanguage\":\"pt-BR\",\"@id\":\"https:\/\/andorinhacultural.com.br\/#\/schema\/logo\/image\/\",\"url\":\"https:\/\/andorinhacultural.com.br\/wp-content\/uploads\/2026\/02\/cropped-logo_parque_andorinhas-300x180-1.png\",\"contentUrl\":\"https:\/\/andorinhacultural.com.br\/wp-content\/uploads\/2026\/02\/cropped-logo_parque_andorinhas-300x180-1.png\",\"width\":300,\"height\":180,\"caption\":\"Arte e Cultura no Parque das Andorinhas\"},\"image\":{\"@id\":\"https:\/\/andorinhacultural.com.br\/#\/schema\/logo\/image\/\"}}]}<\/script>\n<!-- \/ Yoast SEO plugin. -->","yoast_head_json":{"title":"Sobre o evento - Arte e Cultura no Parque das Andorinhas","description":"O projeto \"Arte e Cultura no Parque das Andorinhas\" consiste em atividades art\u00edsticas e \u00e1rea de lazer aos moradores de Ouro Preto","robots":{"index":"index","follow":"follow","max-snippet":"max-snippet:-1","max-image-preview":"max-image-preview:large","max-video-preview":"max-video-preview:-1"},"canonical":"https:\/\/andorinhacultural.com.br\/index.php\/sobre\/","og_locale":"pt_BR","og_type":"article","og_title":"Sobre o evento - Arte e Cultura no Parque das Andorinhas","og_description":"O projeto \"Arte e Cultura no Parque das Andorinhas\" consiste em atividades art\u00edsticas e \u00e1rea de lazer aos moradores de Ouro Preto","og_url":"https:\/\/andorinhacultural.com.br\/index.php\/sobre\/","og_site_name":"Arte e Cultura no Parque das Andorinhas","article_modified_time":"2026-02-11T20:13:40+00:00","og_image":[{"width":1166,"height":233,"url":"http:\/\/andorinhacultural.com.br\/wp-content\/uploads\/2026\/02\/Logo-horizontal-Arte-Parque-das-Andorinhas-2026.png","type":"image\/png"}],"twitter_card":"summary_large_image","twitter_misc":{"Est. tempo de leitura":"4 minutos"},"schema":{"@context":"https:\/\/schema.org","@graph":[{"@type":"WebPage","@id":"https:\/\/andorinhacultural.com.br\/index.php\/sobre\/","url":"https:\/\/andorinhacultural.com.br\/index.php\/sobre\/","name":"Sobre o evento - Arte e Cultura no Parque das Andorinhas","isPartOf":{"@id":"https:\/\/andorinhacultural.com.br\/#website"},"primaryImageOfPage":{"@id":"https:\/\/andorinhacultural.com.br\/index.php\/sobre\/#primaryimage"},"image":{"@id":"https:\/\/andorinhacultural.com.br\/index.php\/sobre\/#primaryimage"},"thumbnailUrl":"https:\/\/andorinhacultural.com.br\/wp-content\/uploads\/2026\/02\/Logo-horizontal-Arte-Parque-das-Andorinhas-2026.png","datePublished":"2022-06-01T10:56:23+00:00","dateModified":"2026-02-11T20:13:40+00:00","description":"O projeto \"Arte e Cultura no Parque das Andorinhas\" consiste em atividades art\u00edsticas e \u00e1rea de lazer aos moradores de Ouro Preto","breadcrumb":{"@id":"https:\/\/andorinhacultural.com.br\/index.php\/sobre\/#breadcrumb"},"inLanguage":"pt-BR","potentialAction":[{"@type":"ReadAction","target":["https:\/\/andorinhacultural.com.br\/index.php\/sobre\/"]}]},{"@type":"ImageObject","inLanguage":"pt-BR","@id":"https:\/\/andorinhacultural.com.br\/index.php\/sobre\/#primaryimage","url":"https:\/\/andorinhacultural.com.br\/wp-content\/uploads\/2026\/02\/Logo-horizontal-Arte-Parque-das-Andorinhas-2026.png","contentUrl":"https:\/\/andorinhacultural.com.br\/wp-content\/uploads\/2026\/02\/Logo-horizontal-Arte-Parque-das-Andorinhas-2026.png","width":1166,"height":233,"caption":"Arte e Cultura no Parque das Andorinhas"},{"@type":"BreadcrumbList","@id":"https:\/\/andorinhacultural.com.br\/index.php\/sobre\/#breadcrumb","itemListElement":[{"@type":"ListItem","position":1,"name":"Home","item":"https:\/\/andorinhacultural.com.br\/"},{"@type":"ListItem","position":2,"name":"Sobre o evento"}]},{"@type":"WebSite","@id":"https:\/\/andorinhacultural.com.br\/#website","url":"https:\/\/andorinhacultural.com.br\/","name":"Arte e Cultura no Parque das Andorinhas","description":"","publisher":{"@id":"https:\/\/andorinhacultural.com.br\/#organization"},"potentialAction":[{"@type":"SearchAction","target":{"@type":"EntryPoint","urlTemplate":"https:\/\/andorinhacultural.com.br\/?s={search_term_string}"},"query-input":"required name=search_term_string"}],"inLanguage":"pt-BR"},{"@type":"Organization","@id":"https:\/\/andorinhacultural.com.br\/#organization","name":"Arte e Cultura no Parque das Andorinhas","url":"https:\/\/andorinhacultural.com.br\/","logo":{"@type":"ImageObject","inLanguage":"pt-BR","@id":"https:\/\/andorinhacultural.com.br\/#\/schema\/logo\/image\/","url":"https:\/\/andorinhacultural.com.br\/wp-content\/uploads\/2026\/02\/cropped-logo_parque_andorinhas-300x180-1.png","contentUrl":"https:\/\/andorinhacultural.com.br\/wp-content\/uploads\/2026\/02\/cropped-logo_parque_andorinhas-300x180-1.png","width":300,"height":180,"caption":"Arte e Cultura no Parque das Andorinhas"},"image":{"@id":"https:\/\/andorinhacultural.com.br\/#\/schema\/logo\/image\/"}}]}},"_links":{"self":[{"href":"https:\/\/andorinhacultural.com.br\/index.php\/wp-json\/wp\/v2\/pages\/490"}],"collection":[{"href":"https:\/\/andorinhacultural.com.br\/index.php\/wp-json\/wp\/v2\/pages"}],"about":[{"href":"https:\/\/andorinhacultural.com.br\/index.php\/wp-json\/wp\/v2\/types\/page"}],"author":[{"embeddable":true,"href":"https:\/\/andorinhacultural.com.br\/index.php\/wp-json\/wp\/v2\/users\/1"}],"replies":[{"embeddable":true,"href":"https:\/\/andorinhacultural.com.br\/index.php\/wp-json\/wp\/v2\/comments?post=490"}],"version-history":[{"count":5,"href":"https:\/\/andorinhacultural.com.br\/index.php\/wp-json\/wp\/v2\/pages\/490\/revisions"}],"predecessor-version":[{"id":639,"href":"https:\/\/andorinhacultural.com.br\/index.php\/wp-json\/wp\/v2\/pages\/490\/revisions\/639"}],"wp:featuredmedia":[{"embeddable":true,"href":"https:\/\/andorinhacultural.com.br\/index.php\/wp-json\/wp\/v2\/media\/641"}],"wp:attachment":[{"href":"https:\/\/andorinhacultural.com.br\/index.php\/wp-json\/wp\/v2\/media?parent=490"}],"curies":[{"name":"wp","href":"https:\/\/api.w.org\/{rel}","templated":true}]}}